{"id":6503,"date":"2019-06-26T16:48:06","date_gmt":"2019-06-26T14:48:06","guid":{"rendered":"http:\/\/nordiska.fhsk.se\/fotofilm\/?page_id=6503"},"modified":"2026-03-08T20:54:49","modified_gmt":"2026-03-08T19:54:49","slug":"larare-och-gastlarare-pa-fotoskolan-kungalv","status":"publish","type":"page","link":"https:\/\/nordiska.fhsk.se\/fotofilm\/larare-och-gastlarare-pa-fotoskolan-kungalv\/","title":{"rendered":"L\u00e4rare och g\u00e4stl\u00e4rare p\u00e5 Nordiska Fotoskolan"},"content":{"rendered":"<section class=\"site-section\" >\n\t<div class=\"container\">\n\t\t\n<div class=\"row\">\n\t<div class=\"col-4\">\n\t<img decoding=\"async\" src=\"https:\/\/nordiska.fhsk.se\/fotofilm\/wp-content\/uploads\/sites\/8\/2019\/06\/perhanstorpu9a2801s-400x300.jpg\" alt=\"https:\/\/nordiska.fhsk.se\/fotofilm\/wp-content\/uploads\/sites\/8\/2019\/06\/perhanstorpu9a2801s-400x300.jpg\" width=\"400\" \/><div class=\"text-block\">\n\t<p>Per Hanstorp, linjeledare, fotol\u00e4rare<\/p><\/div>\n\n<\/div>\n<div class=\"col-4\">\n\t<img decoding=\"async\" src=\"https:\/\/nordiska.fhsk.se\/fotofilm\/wp-content\/uploads\/sites\/8\/2019\/06\/lasse1-400x300.jpg\" alt=\"https:\/\/nordiska.fhsk.se\/fotofilm\/wp-content\/uploads\/sites\/8\/2019\/06\/lasse1-400x300.jpg\" width=\"400\" \/><div class=\"text-block\">\n\t<p>Lars Carlsson, l\u00e4rare i journalistiskt skrivande<\/p><\/div>\n\n<\/div>\n<div class=\"col-4\">\n\t<img decoding=\"async\" src=\"https:\/\/nordiska.fhsk.se\/fotofilm\/wp-content\/uploads\/sites\/8\/2019\/06\/jagsv-300x300-bred-400x300.jpg\" alt=\"https:\/\/nordiska.fhsk.se\/fotofilm\/wp-content\/uploads\/sites\/8\/2019\/06\/jagsv-300x300-bred-400x300.jpg\" width=\"400\" \/><div class=\"text-block\">\n\t<p>Sanna Levelius, l\u00e4rare i bild, form och layout<\/p><\/div>\n\n<\/div>\n<\/div>\n<div class=\"row\">\n\t<div class=\"col-12\">\n\t\n    <div class=\"divider space\" style=\"padding-top: 50px;\"><\/div>\n\n<\/div>\n<\/div>\n<div class=\"row\">\n\t<div class=\"col-4\">\n\t<img decoding=\"async\" src=\"https:\/\/nordiska.fhsk.se\/fotofilm\/wp-content\/uploads\/sites\/8\/2026\/01\/malvajonsson-2026-dscf6761-3-400x600.jpg\" alt=\"https:\/\/nordiska.fhsk.se\/fotofilm\/wp-content\/uploads\/sites\/8\/2026\/01\/malvajonsson-2026-dscf6761-3-400x600.jpg\" width=\"400\" \/><div class=\"text-block\">\n\t<p>Malva J\u00f6nsson, fotograf, journalist, (redaktionellt arbete)<\/p><\/div>\n\n<\/div>\n<div class=\"col-4\">\n\t<img decoding=\"async\" src=\"https:\/\/nordiska.fhsk.se\/fotofilm\/wp-content\/uploads\/sites\/8\/2026\/03\/dscf8279-2-400x600.jpg\" alt=\"https:\/\/nordiska.fhsk.se\/fotofilm\/wp-content\/uploads\/sites\/8\/2026\/03\/dscf8279-2-400x600.jpg\" width=\"400\" \/><div class=\"text-block\">\n\t<p>Trinidad Carrillo, fotograf, konstn\u00e4r, fotoboksf\u00f6rfattare.<\/p><\/div>\n\n<\/div>\n<div class=\"col-4\">\n\t<\/div>\n<\/div>\n<div class=\"row\">\n\t<div class=\"col-12\">\n\t\n    <div class=\"divider space\" style=\"padding-top: 50px;\"><\/div>\n\n<\/div>\n<\/div>\n<div class=\"row\">\n\t<div class=\"col-6\">\n\t<img decoding=\"async\" src=\"https:\/\/nordiska.fhsk.se\/fotofilm\/wp-content\/uploads\/sites\/8\/2025\/10\/viktorsundberg2-600x400.jpg\" alt=\"https:\/\/nordiska.fhsk.se\/fotofilm\/wp-content\/uploads\/sites\/8\/2025\/10\/viktorsundberg2-600x400.jpg\" width=\"600\" \/><div class=\"text-block\">\n\t<p>Viktor Sundberg, fotograf, g\u00e4stl\u00e4rare (natur- och landskapsfotografi)<\/p><\/div>\n\n<\/div>\n<div class=\"col-6\">\n\t<img decoding=\"async\" src=\"https:\/\/nordiska.fhsk.se\/fotofilm\/wp-content\/uploads\/sites\/8\/2025\/10\/annacarin-dscf5804-2-scaled-600x400.jpg\" alt=\"https:\/\/nordiska.fhsk.se\/fotofilm\/wp-content\/uploads\/sites\/8\/2025\/10\/annacarin-dscf5804-2-scaled-600x400.jpg\" width=\"600\" \/><div class=\"text-block\">\n\t<p>AnnaCarin Isaksson, fotograf, bildjournalist p\u00e5 G\u00f6teborgs-Posten<\/p><\/div>\n\n<\/div>\n<\/div>\n<div class=\"row\">\n\t<div class=\"col-12\">\n\t\n    <div class=\"divider  \"><span class=\"divider-title\"><\/span><\/div>\n\n<\/div>\n<\/div>\n<div class=\"row\">\n\t<div class=\"col-4\">\n\t<img decoding=\"async\" src=\"https:\/\/nordiska.fhsk.se\/fotofilm\/wp-content\/uploads\/sites\/8\/2019\/06\/jerkerandersson-400x600.jpg\" alt=\"https:\/\/nordiska.fhsk.se\/fotofilm\/wp-content\/uploads\/sites\/8\/2019\/06\/jerkerandersson-400x600.jpg\" width=\"400\" \/><div class=\"text-block\">\n\t<p>Jerker Andersson, fotograf, g\u00e4stl\u00e4rare (mobilfoto, reportage)<\/p><\/div>\n\n<\/div>\n<div class=\"col-4\">\n\t<img decoding=\"async\" src=\"https:\/\/nordiska.fhsk.se\/fotofilm\/wp-content\/uploads\/sites\/8\/2026\/01\/sannahollander-2026-dscf0667-3fa-400x600.jpg\" alt=\"https:\/\/nordiska.fhsk.se\/fotofilm\/wp-content\/uploads\/sites\/8\/2026\/01\/sannahollander-2026-dscf0667-3fa-400x600.jpg\" width=\"400\" \/><div class=\"text-block\">\n\t<p>Sanna Hollander, konst\/foto-student Haag, Holland<\/p><\/div>\n\n<\/div>\n<div class=\"col-4\">\n\t<img decoding=\"async\" src=\"https:\/\/nordiska.fhsk.se\/fotofilm\/wp-content\/uploads\/sites\/8\/2026\/01\/peterwendel-20263102-2-400x600.jpg\" alt=\"https:\/\/nordiska.fhsk.se\/fotofilm\/wp-content\/uploads\/sites\/8\/2026\/01\/peterwendel-20263102-2-400x600.jpg\" width=\"400\" \/><div class=\"text-block\">\n\t<p>Peter Wendel, fotograf, gallerist<\/p><\/div>\n\n<\/div>\n<\/div>\n<div class=\"row\">\n\t<div class=\"col-12\">\n\t\n    <div class=\"divider space\" style=\"padding-top: 50px;\"><\/div>\n\n<\/div>\n<\/div>\n<div class=\"row\">\n\t<div class=\"col-4\">\n\t<img decoding=\"async\" src=\"https:\/\/nordiska.fhsk.se\/fotofilm\/wp-content\/uploads\/sites\/8\/2022\/06\/jennyingemarsson2-400x600.jpg\" alt=\"https:\/\/nordiska.fhsk.se\/fotofilm\/wp-content\/uploads\/sites\/8\/2022\/06\/jennyingemarsson2-400x600.jpg\" width=\"400\" \/><div class=\"text-block\">\n\t<p>Jenny Ingemarsson, fotograf, g\u00e4stl\u00e4rare reportage<\/p><\/div>\n\n<\/div>\n<div class=\"col-4\">\n\t<img decoding=\"async\" src=\"https:\/\/nordiska.fhsk.se\/fotofilm\/wp-content\/uploads\/sites\/8\/2025\/10\/rafael-img4763-2024-scaled-400x600.jpg\" alt=\"https:\/\/nordiska.fhsk.se\/fotofilm\/wp-content\/uploads\/sites\/8\/2025\/10\/rafael-img4763-2024-scaled-400x600.jpg\" width=\"400\" \/><div class=\"text-block\">\n\t<p>Rafael \u00c5str\u00f6m, frilansfotograf<\/p><\/div>\n\n<\/div>\n<\/div>\n<div class=\"row\">\n\t<div class=\"col-12\">\n\t\n    <div class=\"divider space\" style=\"padding-top: 50px;\"><\/div>\n\n<\/div>\n<\/div>\n<div class=\"row\">\n\t<div class=\"col-6\">\n\t<img decoding=\"async\" src=\"https:\/\/nordiska.fhsk.se\/fotofilm\/wp-content\/uploads\/sites\/8\/2020\/12\/dsf7557-2-600x400.jpg\" alt=\"https:\/\/nordiska.fhsk.se\/fotofilm\/wp-content\/uploads\/sites\/8\/2020\/12\/dsf7557-2-600x400.jpg\" width=\"600\" \/><div class=\"text-block\">\n\t<p>Kristin Lidell, fotograf, filmare, musiker. Brukar inspirera n\u00e4r vi fotograferar scen och musik!<\/p><\/div>\n\n<\/div>\n<div class=\"col-6\">\n\t<img decoding=\"async\" src=\"https:\/\/nordiska.fhsk.se\/fotofilm\/wp-content\/uploads\/sites\/8\/2019\/06\/joakiroosdsf3408s-600x400.jpg\" alt=\"https:\/\/nordiska.fhsk.se\/fotofilm\/wp-content\/uploads\/sites\/8\/2019\/06\/joakiroosdsf3408s-600x400.jpg\" width=\"600\" \/><div class=\"text-block\">\n\t<p>Joakim Roos, fotograf, g\u00e4stl\u00e4rare (reportage)<\/p><\/div>\n\n<\/div>\n<\/div>\n<div class=\"row\">\n\t<div class=\"col-12\">\n\t\n    <div class=\"divider  \"><span class=\"divider-title\"><\/span><\/div>\n\n<\/div>\n<\/div>\n<div class=\"row\">\n\t<div class=\"col-6\">\n\t<img decoding=\"async\" src=\"https:\/\/nordiska.fhsk.se\/fotofilm\/wp-content\/uploads\/sites\/8\/2019\/06\/krister-1-600x400.jpg\" alt=\"https:\/\/nordiska.fhsk.se\/fotofilm\/wp-content\/uploads\/sites\/8\/2019\/06\/krister-1-600x400.jpg\" width=\"600\" \/><div class=\"text-block\">\n\t<p>Krister Engstr\u00f6m, fotograf, g\u00e4stl\u00e4rare (studio, arkitektur)<\/p><\/div>\n\n<\/div>\n<div class=\"col-6\">\n\t<img decoding=\"async\" src=\"https:\/\/nordiska.fhsk.se\/fotofilm\/wp-content\/uploads\/sites\/8\/2019\/06\/ellika-600x400.jpg\" alt=\"https:\/\/nordiska.fhsk.se\/fotofilm\/wp-content\/uploads\/sites\/8\/2019\/06\/ellika-600x400.jpg\" width=\"600\" \/><div class=\"text-block\">\n\t<p>Ellika Henrikson, fotograf, g\u00e4stl\u00e4rare<\/p><\/div>\n\n<\/div>\n<\/div>\n<div class=\"row\">\n\t<div class=\"col-6\">\n\t<img decoding=\"async\" src=\"https:\/\/nordiska.fhsk.se\/fotofilm\/wp-content\/uploads\/sites\/8\/2019\/06\/louisemartinsson-600x400.jpg\" alt=\"https:\/\/nordiska.fhsk.se\/fotofilm\/wp-content\/uploads\/sites\/8\/2019\/06\/louisemartinsson-600x400.jpg\" width=\"600\" \/><div class=\"text-block\">\n\t<p>Louise Martinsson, fotokonstn\u00e4r, fotograf, g\u00e4stl\u00e4rare<\/p><\/div>\n\n<\/div>\n<div class=\"col-6\">\n\t<img decoding=\"async\" src=\"https:\/\/nordiska.fhsk.se\/fotofilm\/wp-content\/uploads\/sites\/8\/2019\/06\/majakristinnylander-600x400.jpg\" alt=\"https:\/\/nordiska.fhsk.se\/fotofilm\/wp-content\/uploads\/sites\/8\/2019\/06\/majakristinnylander-600x400.jpg\" width=\"600\" \/><div class=\"text-block\">\n\t<p>Maja-Kristin Nylander, fotokonstn\u00e4r, fotograf, g\u00e4stl\u00e4rare<\/p><\/div>\n\n<\/div>\n<\/div>\n<div class=\"row\">\n\t<div class=\"col-12\">\n\t\n    <div class=\"divider space\" style=\"padding-top: 50px;\"><\/div>\n\n<\/div>\n<\/div>\n<div class=\"row\">\n\t<div class=\"col-6\">\n\t<img decoding=\"async\" src=\"https:\/\/nordiska.fhsk.se\/fotofilm\/wp-content\/uploads\/sites\/8\/2019\/06\/magnussundberg-600x400.jpg\" alt=\"https:\/\/nordiska.fhsk.se\/fotofilm\/wp-content\/uploads\/sites\/8\/2019\/06\/magnussundberg-600x400.jpg\" width=\"600\" \/><div class=\"text-block\">\n\t<p>Magnus Sundberg, fotograf, redakt\u00f6r f\u00f6r Eyewitness<\/p><\/div>\n\n<\/div>\n<div class=\"col-6\">\n\t<img decoding=\"async\" src=\"https:\/\/nordiska.fhsk.se\/fotofilm\/wp-content\/uploads\/sites\/8\/2020\/06\/lb2-600x400.jpg\" alt=\"https:\/\/nordiska.fhsk.se\/fotofilm\/wp-content\/uploads\/sites\/8\/2020\/06\/lb2-600x400.jpg\" width=\"600\" \/><div class=\"text-block\">\n\t<p>Linda Brelin, kulturarbetare och kulturgeograf. G\u00e4stl\u00e4rare kring projekt och ekonomi.<\/p><\/div>\n\n<\/div>\n<\/div>\n<div class=\"row\">\n\t<div class=\"col-6\">\n\t<img decoding=\"async\" src=\"https:\/\/nordiska.fhsk.se\/fotofilm\/wp-content\/uploads\/sites\/8\/2019\/06\/lisathannerdsf5518-600x400.jpg\" alt=\"https:\/\/nordiska.fhsk.se\/fotofilm\/wp-content\/uploads\/sites\/8\/2019\/06\/lisathannerdsf5518-600x400.jpg\" width=\"600\" \/><div class=\"text-block\">\n\t<p>Lisa Thanner, fotograf, g\u00e4stl\u00e4rare. M\u00e5ng\u00e5rig medarbetare p\u00e5 G\u00f6teborgs-Posten, numera frilans<\/p><\/div>\n\n<\/div>\n<\/div>\n<div class=\"row\">\n\t<div class=\"col-12\">\n\t\n    <div class=\"divider  \"><span class=\"divider-title\"><\/span><\/div>\n\n<\/div>\n<\/div>\t<\/div>\n<\/section>\n\n\n","protected":false},"excerpt":{"rendered":"<p>Per Hanstorp, linjeledare, fotol\u00e4rare Lars Carlsson, l\u00e4rare i journalistiskt skrivande Sanna Levelius, l\u00e4rare i bild, form och layout Malva J\u00f6nsson, fotograf, journalist, (redaktionellt arbete) Trinidad Carrillo, fotograf, konstn\u00e4r, fotoboksf\u00f6rfattare. Viktor Sundberg, fotograf, g\u00e4stl\u00e4rare (natur- och landskapsfotografi) AnnaCarin Isaksson, fotograf, bildjournalist p\u00e5 G\u00f6teborgs-Posten Jerker Andersson, fotograf, g\u00e4stl\u00e4rare (mobilfoto, reportage) Sanna Hollander, konst\/foto-student Haag, Holland Peter Wendel, [&hellip;]<\/p>\n","protected":false},"author":10,"featured_media":0,"parent":0,"menu_order":6,"comment_status":"closed","ping_status":"closed","template":"","meta":{"_exactmetrics_skip_tracking":false,"_exactmetrics_sitenote_active":false,"_exactmetrics_sitenote_note":"","_exactmetrics_sitenote_category":0,"footnotes":""},"class_list":["post-6503","page","type-page","status-publish","hentry"],"acf":[],"_links":{"self":[{"href":"https:\/\/nordiska.fhsk.se\/fotofilm\/wp-json\/wp\/v2\/pages\/6503","targetHints":{"allow":["GET"]}}],"collection":[{"href":"https:\/\/nordiska.fhsk.se\/fotofilm\/wp-json\/wp\/v2\/pages"}],"about":[{"href":"https:\/\/nordiska.fhsk.se\/fotofilm\/wp-json\/wp\/v2\/types\/page"}],"author":[{"embeddable":true,"href":"https:\/\/nordiska.fhsk.se\/fotofilm\/wp-json\/wp\/v2\/users\/10"}],"replies":[{"embeddable":true,"href":"https:\/\/nordiska.fhsk.se\/fotofilm\/wp-json\/wp\/v2\/comments?post=6503"}],"version-history":[{"count":6,"href":"https:\/\/nordiska.fhsk.se\/fotofilm\/wp-json\/wp\/v2\/pages\/6503\/revisions"}],"predecessor-version":[{"id":9736,"href":"https:\/\/nordiska.fhsk.se\/fotofilm\/wp-json\/wp\/v2\/pages\/6503\/revisions\/9736"}],"wp:attachment":[{"href":"https:\/\/nordiska.fhsk.se\/fotofilm\/wp-json\/wp\/v2\/media?parent=6503"}],"curies":[{"name":"wp","href":"https:\/\/api.w.org\/{rel}","templated":true}]}}