{"id":53,"date":"2016-12-19T13:45:03","date_gmt":"2016-12-19T12:45:03","guid":{"rendered":"http:\/\/nordiska.fhsk.se\/konferens-bnb\/?page_id=53"},"modified":"2023-01-13T14:07:08","modified_gmt":"2023-01-13T13:07:08","slug":"koket","status":"publish","type":"page","link":"https:\/\/nordiska.fhsk.se\/konferens-bnb\/koket\/","title":{"rendered":"Matsal"},"content":{"rendered":"<p><section class=\"site-section\" >\n\t<div class=\"container\">\n\t\t\n<div class=\"row\">\n\t<div class=\"col-12\">\n\t\n    <div class=\"divider text_line \"><span class=\"divider-title\">Naturlig m\u00f6tesplats<\/span><\/div>\n\n<\/div>\n<\/div>\t<\/div>\n<\/section>\n\n<section class=\"site-section\" >\n\t<div class=\"container\">\n\t\t\n<div class=\"row\">\n\t<div class=\"col-6\">\n\t<div class=\"text-block\">\n\t<p>V\u00e5ra matsalar \u00e4r inte bara matsalar,\u00a0de \u00e4r ocks\u00e5 en naturlig m\u00f6tesplats. Mat \u00e4r m\u00f6ten mellan m\u00e4nniskor och p\u00e5 Nordiska \u00a0m\u00e5nar vi om matens sociala kvaliteter.<\/p><p>Vi vill att du ska trivas h\u00e4r hos oss. S\u00e5 fort vi \u00f6ppnar har vi kaffe, en f\u00e4rsk dagstidning och Wi-Fi.<\/p><p>I v\u00e5r stora\u00a0 matsal serverar vi frukost sju dagar i veckan, dagens lunch, kaffe, sm\u00f6rg\u00e5sar och bakverk fem dagar i veckan. Vi finns p\u00e5 andra v\u00e5ningen, och vi skryter g\u00e4rna om Kung\u00e4lvs b\u00e4sta utsikt. I Lilla Matsalen dukar vi upp till g\u00e4stluncher och middagar, med naturen som n\u00e4rmsta granne.\u00a0<strong>\u00a0<\/strong><\/p><p>V\u00e5r grund \u00e4r den svenska husmanskosten, men vi l\u00e5nar g\u00e4rna recept, ingredienser och tillagningsmetoder fr\u00e5n resten av v\u00e4rlden. Vi har ett stort antal vegetariska r\u00e4tter p\u00e5 v\u00e5r buff\u00e9, och vi v\u00e4rnar om v\u00e5ra n\u00e4rliggande producenter som f\u00f6rser oss med \u00e4gg, gr\u00f6nsaker, b\u00e4r och frukter under s\u00e4song.<\/p><p>Varmt v\u00e4lkomna till Nordiska Folkh\u00f6gskolans K\u00f6k och Matsalar.<\/p><\/div>\n\n<img decoding=\"async\" src=\"https:\/\/nordiska.fhsk.se\/konferens-bnb\/wp-content\/uploads\/sites\/7\/2017\/02\/1670872617303517106112475228853997596171149n-e1487080803292-500x250.jpg\" alt=\"https:\/\/nordiska.fhsk.se\/konferens-bnb\/wp-content\/uploads\/sites\/7\/2017\/02\/1670872617303517106112475228853997596171149n-e1487080803292-500x250.jpg\" width=\"500\" \/><\/div>\n<div class=\"col-6\">\n\t<img decoding=\"async\" src=\"https:\/\/nordiska.fhsk.se\/konferens-bnb\/wp-content\/uploads\/sites\/7\/2017\/02\/img1527-e1487104037230-500x250.jpeg\" alt=\"https:\/\/nordiska.fhsk.se\/konferens-bnb\/wp-content\/uploads\/sites\/7\/2017\/02\/img1527-e1487104037230-500x250.jpeg\" width=\"500\" \/><div class=\"text-block\">\n\t<blockquote><p style=\"text-align: center;\"><em><strong>\"Tusen tack, allt ber\u00f6m till er fr\u00e5n alla v\u00e5ra volont\u00e4rer! Allt fr\u00e5n dukning, mat, service och underh\u00e5llning var i h\u00f6gsta klass. Vi hoppas f\u00e5 komma tillbaka n\u00e4sta \u00e5r.\"<\/strong><\/em><\/p><\/blockquote><\/div>\n\n<div class=\"text-block\">\n\t<p style=\"text-align: right;\"><em>\u00c5sa L\u00f6keg\u00e5rd, Kung\u00e4lvs kommun<br \/>UPU folkh\u00e4lsa<\/em><\/p><\/div>\n\n<div class=\"text-block\">\n\t<\/div>\n\n<img decoding=\"async\" src=\"https:\/\/nordiska.fhsk.se\/konferens-bnb\/wp-content\/uploads\/sites\/7\/2017\/02\/img7394-e1487065295914-500x250.jpeg\" alt=\"https:\/\/nordiska.fhsk.se\/konferens-bnb\/wp-content\/uploads\/sites\/7\/2017\/02\/img7394-e1487065295914-500x250.jpeg\" width=\"500\" \/><\/div>\n<\/div>\n<div class=\"row\">\n\t<div class=\"col-6\">\n\t<\/div>\n<div class=\"col-6\">\n\t<\/div>\n<\/div>\t<\/div>\n<\/section>\n\n<\/p>\n","protected":false},"excerpt":{"rendered":"<p>Naturlig m\u00f6tesplats V\u00e5ra matsalar \u00e4r inte bara matsalar,\u00a0de \u00e4r ocks\u00e5 en naturlig m\u00f6tesplats. Mat \u00e4r m\u00f6ten mellan m\u00e4nniskor och p\u00e5 Nordiska \u00a0m\u00e5nar vi om matens sociala kvaliteter.Vi vill att du ska trivas h\u00e4r hos oss. S\u00e5 fort vi \u00f6ppnar har vi kaffe, en f\u00e4rsk dagstidning och Wi-Fi.I v\u00e5r stora\u00a0 matsal serverar vi frukost sju dagar [&hellip;]<\/p>\n","protected":false},"author":4,"featured_media":0,"parent":0,"menu_order":1,"comment_status":"closed","ping_status":"closed","template":"","meta":{"_exactmetrics_skip_tracking":false,"_exactmetrics_sitenote_active":false,"_exactmetrics_sitenote_note":"","_exactmetrics_sitenote_category":0,"footnotes":""},"class_list":["post-53","page","type-page","status-publish","hentry"],"acf":[],"_links":{"self":[{"href":"https:\/\/nordiska.fhsk.se\/konferens-bnb\/wp-json\/wp\/v2\/pages\/53","targetHints":{"allow":["GET"]}}],"collection":[{"href":"https:\/\/nordiska.fhsk.se\/konferens-bnb\/wp-json\/wp\/v2\/pages"}],"about":[{"href":"https:\/\/nordiska.fhsk.se\/konferens-bnb\/wp-json\/wp\/v2\/types\/page"}],"author":[{"embeddable":true,"href":"https:\/\/nordiska.fhsk.se\/konferens-bnb\/wp-json\/wp\/v2\/users\/4"}],"replies":[{"embeddable":true,"href":"https:\/\/nordiska.fhsk.se\/konferens-bnb\/wp-json\/wp\/v2\/comments?post=53"}],"version-history":[{"count":6,"href":"https:\/\/nordiska.fhsk.se\/konferens-bnb\/wp-json\/wp\/v2\/pages\/53\/revisions"}],"predecessor-version":[{"id":2270,"href":"https:\/\/nordiska.fhsk.se\/konferens-bnb\/wp-json\/wp\/v2\/pages\/53\/revisions\/2270"}],"wp:attachment":[{"href":"https:\/\/nordiska.fhsk.se\/konferens-bnb\/wp-json\/wp\/v2\/media?parent=53"}],"curies":[{"name":"wp","href":"https:\/\/api.w.org\/{rel}","templated":true}]}}