{"id":3249,"date":"2019-04-15T08:01:56","date_gmt":"2019-04-15T06:01:56","guid":{"rendered":"http:\/\/nordiska.fhsk.se\/ordbild\/?page_id=3249"},"modified":"2019-04-15T08:02:35","modified_gmt":"2019-04-15T06:02:35","slug":"projektperioden-ar-har","status":"publish","type":"page","link":"https:\/\/nordiska.fhsk.se\/ordbild\/projektperioden-ar-har\/","title":{"rendered":"Projektperioden \u00e4r h\u00e4r"},"content":{"rendered":"<p>Deltagarna p\u00e5 Visuellt ber\u00e4ttande\/Bildskolan kommer under de n\u00e4rmaste veckorna f\u00f6rdjupa sig i allt fr\u00e5n grafitti till konst i \u00e5tervunnet material, oljem\u00e5leri, lera och bokillustration. Plus en hel del annat.<br \/>\nUnder handledning f\u00e5r de under terminens sista period formulera och genomf\u00f6ra sin egen projektid\u00e9. Projektarbetet avslutas med en storslagen gemensam utst\u00e4llning.<\/p>\n<p>P\u00e5 Visuellt ber\u00e4ttande\/Bildskolan \u00e4r den kreativa processen i fokus. Att skapa bilder och konst handlar om att ha n\u00e5got att s\u00e4ga, att vilja unders\u00f6ka n\u00e5got, att g\u00f6ra avtryck. Vi arbetar d\u00e4rf\u00f6r genomg\u00e5ende med att formulera det vi g\u00f6r f\u00f6r att kunna genomf\u00f6ra de id\u00e9er som deltagarna har och vill f\u00f6rverkliga. Under kursen genomf\u00f6r deltagarna, enskilt och gemensamt, flera mindre projekt och har hunnit med flera redovisningar och utst\u00e4llningar. Dessa har d\u00e5 teman och tekniker som introduceras av kursl\u00e4rarna. I slutprojektet f\u00e5r deltagarna sj\u00e4lva v\u00e4lja vad de vill arbeta med. Det kan vara att f\u00f6rdjupa sitt kunnande inom n\u00e5gon teknik eller att genomf\u00f6ra en id\u00e9. Att hitta en r\u00f6st, ett uttryck f\u00f6r sitt ber\u00e4ttande.<\/p>\n","protected":false},"excerpt":{"rendered":"<p>Deltagarna p\u00e5 Visuellt ber\u00e4ttande\/Bildskolan kommer under de n\u00e4rmaste veckorna f\u00f6rdjupa sig i allt fr\u00e5n grafitti till konst i \u00e5tervunnet material, oljem\u00e5leri, lera och bokillustration. Plus en hel del annat. Under handledning f\u00e5r de under terminens sista period formulera och genomf\u00f6ra sin egen projektid\u00e9. Projektarbetet avslutas med en storslagen gemensam utst\u00e4llning. P\u00e5 Visuellt ber\u00e4ttande\/Bildskolan \u00e4r den [&hellip;]<\/p>\n","protected":false},"author":21,"featured_media":0,"parent":0,"menu_order":0,"comment_status":"closed","ping_status":"closed","template":"","meta":{"_exactmetrics_skip_tracking":false,"_exactmetrics_sitenote_active":false,"_exactmetrics_sitenote_note":"","_exactmetrics_sitenote_category":0,"footnotes":""},"class_list":["post-3249","page","type-page","status-publish","hentry"],"acf":[],"_links":{"self":[{"href":"https:\/\/nordiska.fhsk.se\/ordbild\/wp-json\/wp\/v2\/pages\/3249","targetHints":{"allow":["GET"]}}],"collection":[{"href":"https:\/\/nordiska.fhsk.se\/ordbild\/wp-json\/wp\/v2\/pages"}],"about":[{"href":"https:\/\/nordiska.fhsk.se\/ordbild\/wp-json\/wp\/v2\/types\/page"}],"author":[{"embeddable":true,"href":"https:\/\/nordiska.fhsk.se\/ordbild\/wp-json\/wp\/v2\/users\/21"}],"replies":[{"embeddable":true,"href":"https:\/\/nordiska.fhsk.se\/ordbild\/wp-json\/wp\/v2\/comments?post=3249"}],"version-history":[{"count":2,"href":"https:\/\/nordiska.fhsk.se\/ordbild\/wp-json\/wp\/v2\/pages\/3249\/revisions"}],"predecessor-version":[{"id":3251,"href":"https:\/\/nordiska.fhsk.se\/ordbild\/wp-json\/wp\/v2\/pages\/3249\/revisions\/3251"}],"wp:attachment":[{"href":"https:\/\/nordiska.fhsk.se\/ordbild\/wp-json\/wp\/v2\/media?parent=3249"}],"curies":[{"name":"wp","href":"https:\/\/api.w.org\/{rel}","templated":true}]}}