{"id":407,"date":"2017-01-23T21:24:59","date_gmt":"2017-01-23T20:24:59","guid":{"rendered":"http:\/\/nordiska.fhsk.se\/sang-scen\/?page_id=407"},"modified":"2024-10-31T10:23:27","modified_gmt":"2024-10-31T09:23:27","slug":"gastlarare","status":"publish","type":"page","link":"https:\/\/nordiska.fhsk.se\/sang-scen\/gastlarare\/","title":{"rendered":"L\u00e4rare"},"content":{"rendered":"<p><section class=\"site-section\" >\n\t<div class=\"container\">\n\t\t\n<div class=\"row\">\n\t<div class=\"col-4\">\n\t<img decoding=\"async\" src=\"https:\/\/nordiska.fhsk.se\/sang-scen\/wp-content\/uploads\/sites\/6\/2022\/04\/maudkellimariejaamamg2940-1-300x400.jpg\" alt=\"https:\/\/nordiska.fhsk.se\/sang-scen\/wp-content\/uploads\/sites\/6\/2022\/04\/maudkellimariejaamamg2940-1-300x400.jpg\" width=\"300\" \/><\/div>\n<div class=\"col-8\">\n\t<div class=\"text-block\">\n\t<p><strong>Maud Lindstr\u00f6m - linjeledare<\/strong><br \/>Maud Lindstr\u00f6m \u00e4r f\u00f6dd 1980 och har varit verksam som artist och l\u00e5tskrivare sedan i mitten av 2000-talet. Hon har gjort sig k\u00e4nd f\u00f6r sina r\u00e4ttframma, v\u00e4lformulerade och personliga s\u00e5nger om \u00e4mnen som k\u00e4rlek, sex, identitet och makt. Hon har spelat p\u00e5 s\u00e5v\u00e4l visscener och festivaler som Pride-arrangemang, demonstrationer och skolor runt om i landet, och turnerat med Riksteatern med bland andra Nour el Refai, Emil Jenssen och Lars Winnerb\u00e4ck.<\/p><p>Maud \u00e4r utbildad kulturprojektledare, har tidigare arbetat som kommunikat\u00f6r och projektledare p\u00e5 Musikcentrum V\u00e4st och konsulent barn och unga p\u00e5 Kultur i V\u00e4st. Hon sitter i styrelsen f\u00f6r Musikcentrum V\u00e4st och Riks, och \u00e4r ledamot i Svenska visakademin. P\u00e5 Visskolan \u00e4r hon linjeledare och konstn\u00e4rlig processledare, och undervisar i s\u00e5ng, vistolkning\/scenisk kommunikation och projekt- och branschkunskap.<\/p><\/div>\n\n<\/div>\n<\/div>\t<\/div>\n<\/section>\n\n<section class=\"site-section\" >\n\t<div class=\"container\">\n\t\t\n<div class=\"row\">\n\t<div class=\"col-6\">\n\t<img decoding=\"async\" src=\"https:\/\/nordiska.fhsk.se\/sang-scen\/wp-content\/uploads\/sites\/6\/2022\/04\/anton-600x400.jpg\" alt=\"https:\/\/nordiska.fhsk.se\/sang-scen\/wp-content\/uploads\/sites\/6\/2022\/04\/anton-600x400.jpg\" width=\"600\" \/><div class=\"text-block\">\n\t<p><strong>Anton H\u00f6ber\u00a0(skrivl\u00e4rare)<\/strong><br \/>Orden och scenen \u00e4r Antons konstn\u00e4rliga tv\u00e5rummare. Han \u00e4r scenpoet, viss\u00e5ngare, l\u00e4rare i teater och svenska,\u00a0 och varit g\u00e4stl\u00e4rare p\u00e5 Nordiska Visskolan under m\u00e5nga \u00e5r. Undervisar i skrivande.<\/p><\/div>\n\n<\/div>\n<div class=\"col-6\">\n\t<img decoding=\"async\" src=\"https:\/\/nordiska.fhsk.se\/sang-scen\/wp-content\/uploads\/sites\/6\/2022\/10\/johan-bengtsson-scaled-600x400.jpg\" alt=\"https:\/\/nordiska.fhsk.se\/sang-scen\/wp-content\/uploads\/sites\/6\/2022\/10\/johan-bengtsson-scaled-600x400.jpg\" width=\"600\" \/><div class=\"text-block\">\n\t<p><strong>Johan Bengtsson (gitarrl\u00e4rare)<\/strong><br \/>Kontrabasist, pedagog och medlem i m\u00e5nga band och projekt, bland annat Midnattsorkestern, Cats &amp; Dinosaurs, Stinas visor och Jenny Almsenius. Undervisar i gitarr, musikteori och ensemble.<\/p><\/div>\n\n<\/div>\n<\/div>\n<div class=\"row\">\n\t<div class=\"col-4\">\n\t<img decoding=\"async\" src=\"https:\/\/nordiska.fhsk.se\/sang-scen\/wp-content\/uploads\/sites\/6\/2019\/01\/elin-c-300x200.jpg\" alt=\"https:\/\/nordiska.fhsk.se\/sang-scen\/wp-content\/uploads\/sites\/6\/2019\/01\/elin-c-300x200.jpg\" width=\"300\" \/><div class=\"text-block\">\n\t<div><strong><span class=\"il\">Elin<\/span>\u00a0<span class=\"il\">Callmer<\/span><\/strong><\/div><div>Viss\u00e5ngerska och dramapedagog som arbetar med grupputveckling, konflikthantering och drama som metod f\u00f6r att st\u00e4rka sceniska uttryck.<\/div><div><em>Foto: Jacob Danielsson<\/em><\/div><\/div>\n\n<\/div>\n<div class=\"col-4\">\n\t<img decoding=\"async\" src=\"https:\/\/nordiska.fhsk.se\/sang-scen\/wp-content\/uploads\/sites\/6\/2019\/03\/simon-ljungman-300x200.jpg\" alt=\"https:\/\/nordiska.fhsk.se\/sang-scen\/wp-content\/uploads\/sites\/6\/2019\/03\/simon-ljungman-300x200.jpg\" width=\"300\" \/><div class=\"text-block\">\n\t<p><strong>Simon Ljungman<br \/><\/strong>Gitarrist, l\u00e5tskrivare, s\u00e5ngare och k\u00f6rledare. Medlem i Augustifamiljen som kompar H\u00e5kan Hellstr\u00f6m. Undervisar bland annat i arrangemang och samspel.<strong><br \/><\/strong><\/p><\/div>\n\n<\/div>\n<div class=\"col-4\">\n\t<img decoding=\"async\" src=\"https:\/\/nordiska.fhsk.se\/sang-scen\/wp-content\/uploads\/sites\/6\/2022\/03\/hannejuul3-e1646298950701-300x200.jpg\" alt=\"https:\/\/nordiska.fhsk.se\/sang-scen\/wp-content\/uploads\/sites\/6\/2022\/03\/hannejuul3-e1646298950701-300x200.jpg\" width=\"300\" \/><div class=\"text-block\">\n\t<p><strong>\u00a0<a href=\"http:\/\/www.hannejuul.se\/\" target=\"_blank\" rel=\"noopener\">Hanne Juul <\/a><br \/><\/strong>Nordisk Viss\u00e5ngerska, med l\u00e5ng scenisk och pedagogisk erfarenhet. Initiativtagare till Visskolan och tidigare linjeledare i n\u00e4rmare 30 \u00e5r. Undervisar i vistolkning och sceniskt artisteri.<\/p><\/div>\n\n<\/div>\n<\/div>\n<div class=\"row\">\n\t<div class=\"col-4\">\n\t<img decoding=\"async\" src=\"https:\/\/nordiska.fhsk.se\/sang-scen\/wp-content\/uploads\/sites\/6\/2023\/01\/marta-parkman-bild-e1672676692878-300x200.jpg\" alt=\"https:\/\/nordiska.fhsk.se\/sang-scen\/wp-content\/uploads\/sites\/6\/2023\/01\/marta-parkman-bild-e1672676692878-300x200.jpg\" width=\"300\" \/><div class=\"text-block\">\n\t<p><strong><a href=\"http:\/\/Marta Parkman. Auktoriserad s\u00e5ngpedagog i Complete Vocal Technique. Har undervisat p\u00e5 bla H\u00f6gskolan f\u00f6r scen och musik, Balettademien och Performing art school.\">Marta Parkman<\/a><\/strong><br \/>Auktoriserad s\u00e5ngpedagog i Complete Vocal Technique. Driver f\u00f6retaget Complete Vocal Room och har undervisat p\u00e5 bla H\u00f6gskolan f\u00f6r scen och musik, Balettademien och Performing art school. P\u00e5 Visskolan undervisar hon i s\u00e5ng.<\/p><\/div>\n\n<\/div>\n<div class=\"col-4\">\n\t<img decoding=\"async\" src=\"https:\/\/nordiska.fhsk.se\/sang-scen\/wp-content\/uploads\/sites\/6\/2018\/02\/lucasstark-e1518520178407-300x200.jpg\" alt=\"https:\/\/nordiska.fhsk.se\/sang-scen\/wp-content\/uploads\/sites\/6\/2018\/02\/lucasstark-e1518520178407-300x200.jpg\" width=\"300\" \/><div class=\"text-block\">\n\t<p><a href=\"http:\/\/www.lucasstark.se\/\"><strong>Lucas Stark<\/strong><\/a><br \/>En av landets flitigast turnerande viss\u00e5ngare. Har gett ut fyra album och medverkat i flera samlingar och antologier. Driver ocks\u00e5 ett skivbolag. P\u00e5 Visskolan undervisar han i branschkunskap f\u00f6r frilansmusiker.<\/p><\/div>\n\n<\/div>\n<div class=\"col-4\">\n\t<img decoding=\"async\" src=\"https:\/\/nordiska.fhsk.se\/sang-scen\/wp-content\/uploads\/sites\/6\/2018\/02\/olasandstrom-300x200.jpg\" alt=\"https:\/\/nordiska.fhsk.se\/sang-scen\/wp-content\/uploads\/sites\/6\/2018\/02\/olasandstrom-300x200.jpg\" width=\"300\" \/><div class=\"text-block\">\n\t<p><a href=\"http:\/\/www.olasandstrom.se\/\"><b>Ola Sandstr\u00f6m<\/b><\/a><br \/>Prisbel\u00f6nt gitarrist, komposit\u00f6r och s\u00e5ngare. F\u00f6rutom tons\u00e4ttningar av andras texter och \u00f6vers\u00e4ttningar skriver Ola mycket eget material. P\u00e5 Visskolan undervisar han i musikskapande och tons\u00e4ttning.<\/p><\/div>\n\n<\/div>\n<\/div>\n<div class=\"row\">\n\t<div class=\"col-4\">\n\t<img decoding=\"async\" src=\"https:\/\/nordiska.fhsk.se\/sang-scen\/wp-content\/uploads\/sites\/6\/2020\/01\/jan-h-3-e1578987538981-300x200.jpg\" alt=\"https:\/\/nordiska.fhsk.se\/sang-scen\/wp-content\/uploads\/sites\/6\/2020\/01\/jan-h-3-e1578987538981-300x200.jpg\" width=\"300\" \/><div class=\"text-block\">\n\t<p><a href=\"http:\/\/janhammarlund.se\/\" target=\"_blank\" rel=\"noopener\"><strong>Jan Hammarlund<\/strong><\/a><br \/>K\u00e4nd visartist sedan 60-talet som inte bara \u00e4r en musikalisk historieber\u00e4ttare utan ocks\u00e5 sjungande historiker.<br \/>Undervisar i internationell vishistoria och repertoark\u00e4nnedom.<br \/><em>Foto: Jeanette Andersson<\/em><\/p><\/div>\n\n<\/div>\n<div class=\"col-4\">\n\t<img decoding=\"async\" src=\"https:\/\/nordiska.fhsk.se\/sang-scen\/wp-content\/uploads\/sites\/6\/2020\/01\/ruth-w-e1578987741669-300x200.jpg\" alt=\"https:\/\/nordiska.fhsk.se\/sang-scen\/wp-content\/uploads\/sites\/6\/2020\/01\/ruth-w-e1578987741669-300x200.jpg\" width=\"300\" \/><div class=\"text-block\">\n\t<p><strong><a href=\"http:\/\/www.wilhelmine.no\/\" target=\"_blank\" rel=\"noopener\">Ruth Wilhelmine Meyer<\/a><br \/><\/strong>Norsk s\u00e5ngkonstn\u00e4r, s\u00e5ngakrobat, s\u00e5ngpedagog och artist i v\u00e4rldsklass. Utbildad i Bergen och Salzburg.<br \/>Undervisar i fantasieggande r\u00f6stverkstad.<br \/><em>Foto: Carl J Asquini<\/em><\/p><\/div>\n\n<\/div>\n<div class=\"col-4\">\n\t<img decoding=\"async\" src=\"https:\/\/nordiska.fhsk.se\/sang-scen\/wp-content\/uploads\/sites\/6\/2024\/10\/karin-strand-pressbild-300x200.jpg\" alt=\"https:\/\/nordiska.fhsk.se\/sang-scen\/wp-content\/uploads\/sites\/6\/2024\/10\/karin-strand-pressbild-300x200.jpg\" width=\"300\" \/><div class=\"text-block\">\n\t<p><strong>Karin Strand<br \/><\/strong>Litteraturvetare och forskare med s\u00e4rskild inriktning p\u00e5 popul\u00e4rmusikens texter. Chef f\u00f6r Svenskt visarkiv.<br \/>Undervisar i vishistoria med fokus p\u00e5 folklig vistradition, medeltida ballader, skillingtryck och tidig schlager.<\/p><\/div>\n\n<\/div>\n<\/div>\n<div class=\"row\">\n\t<div class=\"col-12\">\n\t\n    <div class=\"divider text_line \"><span class=\"divider-title\"><\/span><\/div>\n\n<\/div>\n<\/div>\t<\/div>\n<\/section>\n\n<\/p>\n","protected":false},"excerpt":{"rendered":"<p>Maud Lindstr\u00f6m &#8211; linjeledareMaud Lindstr\u00f6m \u00e4r f\u00f6dd 1980 och har varit verksam som artist och l\u00e5tskrivare sedan i mitten av 2000-talet. Hon har gjort sig k\u00e4nd f\u00f6r sina r\u00e4ttframma, v\u00e4lformulerade och personliga s\u00e5nger om \u00e4mnen som k\u00e4rlek, sex, identitet och makt. Hon har spelat p\u00e5 s\u00e5v\u00e4l visscener och festivaler som Pride-arrangemang, demonstrationer och skolor runt [&hellip;]<\/p>\n","protected":false},"author":12,"featured_media":0,"parent":0,"menu_order":0,"comment_status":"closed","ping_status":"closed","template":"","meta":{"_exactmetrics_skip_tracking":false,"_exactmetrics_sitenote_active":false,"_exactmetrics_sitenote_note":"","_exactmetrics_sitenote_category":0,"footnotes":""},"class_list":["post-407","page","type-page","status-publish","hentry"],"acf":[],"_links":{"self":[{"href":"https:\/\/nordiska.fhsk.se\/sang-scen\/wp-json\/wp\/v2\/pages\/407","targetHints":{"allow":["GET"]}}],"collection":[{"href":"https:\/\/nordiska.fhsk.se\/sang-scen\/wp-json\/wp\/v2\/pages"}],"about":[{"href":"https:\/\/nordiska.fhsk.se\/sang-scen\/wp-json\/wp\/v2\/types\/page"}],"author":[{"embeddable":true,"href":"https:\/\/nordiska.fhsk.se\/sang-scen\/wp-json\/wp\/v2\/users\/12"}],"replies":[{"embeddable":true,"href":"https:\/\/nordiska.fhsk.se\/sang-scen\/wp-json\/wp\/v2\/comments?post=407"}],"version-history":[{"count":7,"href":"https:\/\/nordiska.fhsk.se\/sang-scen\/wp-json\/wp\/v2\/pages\/407\/revisions"}],"predecessor-version":[{"id":4499,"href":"https:\/\/nordiska.fhsk.se\/sang-scen\/wp-json\/wp\/v2\/pages\/407\/revisions\/4499"}],"wp:attachment":[{"href":"https:\/\/nordiska.fhsk.se\/sang-scen\/wp-json\/wp\/v2\/media?parent=407"}],"curies":[{"name":"wp","href":"https:\/\/api.w.org\/{rel}","templated":true}]}}